{"id":1632,"date":"2025-09-15T13:42:41","date_gmt":"2025-09-15T13:42:41","guid":{"rendered":"https:\/\/westinportodegalinhas.com.br\/?page_id=1632"},"modified":"2025-10-22T14:55:23","modified_gmt":"2025-10-22T14:55:23","slug":"esg","status":"publish","type":"page","link":"https:\/\/westinportodegalinhas.com.br\/es\/esg\/","title":{"rendered":"ESG"},"content":{"rendered":"<div data-elementor-type=\"wp-page\" data-elementor-id=\"1632\" class=\"elementor elementor-1632\" data-elementor-post-type=\"page\">\n\t\t\t\t<div class=\"elementor-element elementor-element-ef67133 e-flex e-con-boxed e-con e-parent\" data-id=\"ef67133\" data-element_type=\"container\" data-e-type=\"container\" data-settings=\"{&quot;background_background&quot;:&quot;classic&quot;}\">\n\t\t\t\t\t<div class=\"e-con-inner\">\n\t\t\t\t<div class=\"elementor-element elementor-element-29db5ee0 elementor-widget elementor-widget-heading\" data-id=\"29db5ee0\" data-element_type=\"widget\" data-e-type=\"widget\" data-widget_type=\"heading.default\">\n\t\t\t\t<div class=\"elementor-widget-container\">\n\t\t\t\t\t<h2 class=\"elementor-heading-title elementor-size-default\">ESG no The Westin Porto de Galinhas<\/h2>\t\t\t\t<\/div>\n\t\t\t\t<\/div>\n\t\t\t\t\t<\/div>\n\t\t\t\t<\/div>\n\t\t<div class=\"elementor-element elementor-element-47779ab9 e-flex e-con-boxed e-con e-parent\" data-id=\"47779ab9\" data-element_type=\"container\" data-e-type=\"container\" data-settings=\"{&quot;background_background&quot;:&quot;classic&quot;}\">\n\t\t\t\t\t<div class=\"e-con-inner\">\n\t\t\t\t<div class=\"elementor-element elementor-element-347cf5b0 elementor-widget elementor-widget-heading\" data-id=\"347cf5b0\" data-element_type=\"widget\" data-e-type=\"widget\" data-widget_type=\"heading.default\">\n\t\t\t\t<div class=\"elementor-widget-container\">\n\t\t\t\t\t<h2 class=\"elementor-heading-title elementor-size-default\">Mais que hospitalidade. Um compromisso com o futuro.<\/h2>\t\t\t\t<\/div>\n\t\t\t\t<\/div>\n\t\t\t\t<div class=\"elementor-element elementor-element-2b971ff7 elementor-widget elementor-widget-heading\" data-id=\"2b971ff7\" data-element_type=\"widget\" data-e-type=\"widget\" data-widget_type=\"heading.default\">\n\t\t\t\t<div class=\"elementor-widget-container\">\n\t\t\t\t\t<h2 class=\"elementor-heading-title elementor-size-default\">Se hospedar no The Westin Porto de Galinhas \u00e9 viver uma experi\u00eancia \u00fanica de bem-estar e, ao mesmo tempo, contribuir para um futuro mais sustent\u00e1vel.\n\n Aqui, ESG n\u00e3o \u00e9 discurso: \u00e9 pr\u00e1tica di\u00e1ria que conecta cuidado com as pessoas, responsabilidade com o planeta e governan\u00e7a transparente.<\/h2>\t\t\t\t<\/div>\n\t\t\t\t<\/div>\n\t\t\t\t\t<\/div>\n\t\t\t\t<\/div>\n\t\t<div class=\"elementor-element elementor-element-44b29370 e-flex e-con-boxed e-con e-parent\" data-id=\"44b29370\" data-element_type=\"container\" data-e-type=\"container\">\n\t\t\t\t\t<div class=\"e-con-inner\">\n\t\t\t\t<div class=\"elementor-element elementor-element-576491b8 elementor-widget elementor-widget-heading\" data-id=\"576491b8\" data-element_type=\"widget\" data-e-type=\"widget\" data-widget_type=\"heading.default\">\n\t\t\t\t<div class=\"elementor-widget-container\">\n\t\t\t\t\t<h2 class=\"elementor-heading-title elementor-size-default\">Sustentabilidade Ambiental<\/h2>\t\t\t\t<\/div>\n\t\t\t\t<\/div>\n\t\t\t\t<div class=\"elementor-element elementor-element-cdd6740 elementor-widget elementor-widget-heading\" data-id=\"cdd6740\" data-element_type=\"widget\" data-e-type=\"widget\" data-widget_type=\"heading.default\">\n\t\t\t\t<div class=\"elementor-widget-container\">\n\t\t\t\t\t<h2 class=\"elementor-heading-title elementor-size-default\">Nosso resort foi projetado para harmonizar luxo, conforto e responsabilidade ambiental:<\/h2>\t\t\t\t<\/div>\n\t\t\t\t<\/div>\n\t\t<div class=\"elementor-element elementor-element-4deeb7fc e-con-full e-flex e-con e-child\" data-id=\"4deeb7fc\" data-element_type=\"container\" data-e-type=\"container\">\n\t\t<div class=\"elementor-element elementor-element-580c9fe4 e-con-full e-flex e-con e-child\" data-id=\"580c9fe4\" data-element_type=\"container\" data-e-type=\"container\">\n\t\t<div class=\"elementor-element elementor-element-78417e0f e-con-full e-flex e-con e-child\" data-id=\"78417e0f\" data-element_type=\"container\" data-e-type=\"container\">\n\t\t\t\t<div class=\"elementor-element elementor-element-4405b6a5 elementor-widget elementor-widget-image\" data-id=\"4405b6a5\" data-element_type=\"widget\" data-e-type=\"widget\" data-widget_type=\"image.default\">\n\t\t\t\t<div class=\"elementor-widget-container\">\n\t\t\t\t\t\t\t\t\t\t\t\t\t\t\t<img fetchpriority=\"high\" decoding=\"async\" width=\"344\" height=\"437\" src=\"https:\/\/westinportodegalinhas.com.br\/wp-content\/uploads\/2025\/03\/3-1.png\" class=\"elementor-animation-float attachment-large size-large wp-image-132\" alt=\"\" srcset=\"https:\/\/westinportodegalinhas.com.br\/wp-content\/uploads\/2025\/03\/3-1.png 344w, https:\/\/westinportodegalinhas.com.br\/wp-content\/uploads\/2025\/03\/3-1-236x300.png 236w\" sizes=\"(max-width: 344px) 100vw, 344px\" \/>\t\t\t\t\t\t\t\t\t\t\t\t\t\t\t<\/div>\n\t\t\t\t<\/div>\n\t\t\t\t<div class=\"elementor-element elementor-element-7f8e9ad7 elementor-widget elementor-widget-heading\" data-id=\"7f8e9ad7\" data-element_type=\"widget\" data-e-type=\"widget\" data-widget_type=\"heading.default\">\n\t\t\t\t<div class=\"elementor-widget-container\">\n\t\t\t\t\t<h2 class=\"elementor-heading-title elementor-size-default\">COCINA 4.0<\/h2>\t\t\t\t<\/div>\n\t\t\t\t<\/div>\n\t\t\t\t<\/div>\n\t\t\t\t<div class=\"elementor-element elementor-element-16bfaaa9 elementor-widget elementor-widget-heading\" data-id=\"16bfaaa9\" data-element_type=\"widget\" data-e-type=\"widget\" data-widget_type=\"heading.default\">\n\t\t\t\t<div class=\"elementor-widget-container\">\n\t\t\t\t\t<h2 class=\"elementor-heading-title elementor-size-default\">Moderna, segura e totalmente sem fogo, onde tecnologia e inova\u00e7\u00e3o garantem sabor, seguran\u00e7a alimentar e efici\u00eancia energ\u00e9tica.<\/h2>\t\t\t\t<\/div>\n\t\t\t\t<\/div>\n\t\t\t\t<\/div>\n\t\t<div class=\"elementor-element elementor-element-5261e433 e-con-full e-flex e-con e-child\" data-id=\"5261e433\" data-element_type=\"container\" data-e-type=\"container\">\n\t\t<div class=\"elementor-element elementor-element-284ac526 e-con-full e-flex e-con e-child\" data-id=\"284ac526\" data-element_type=\"container\" data-e-type=\"container\">\n\t\t\t\t<div class=\"elementor-element elementor-element-5f0cb8d elementor-widget elementor-widget-image\" data-id=\"5f0cb8d\" data-element_type=\"widget\" data-e-type=\"widget\" data-widget_type=\"image.default\">\n\t\t\t\t<div class=\"elementor-widget-container\">\n\t\t\t\t\t\t\t\t\t\t\t\t\t\t\t<img decoding=\"async\" width=\"344\" height=\"437\" src=\"https:\/\/westinportodegalinhas.com.br\/wp-content\/uploads\/2025\/09\/energia-cons-1.png\" class=\"elementor-animation-float attachment-large size-large wp-image-1666\" alt=\"\" srcset=\"https:\/\/westinportodegalinhas.com.br\/wp-content\/uploads\/2025\/09\/energia-cons-1.png 344w, https:\/\/westinportodegalinhas.com.br\/wp-content\/uploads\/2025\/09\/energia-cons-1-236x300.png 236w, https:\/\/westinportodegalinhas.com.br\/wp-content\/uploads\/2025\/09\/energia-cons-1-9x12.png 9w\" sizes=\"(max-width: 344px) 100vw, 344px\" \/>\t\t\t\t\t\t\t\t\t\t\t\t\t\t\t<\/div>\n\t\t\t\t<\/div>\n\t\t\t\t<div class=\"elementor-element elementor-element-6f5c3441 elementor-widget elementor-widget-heading\" data-id=\"6f5c3441\" data-element_type=\"widget\" data-e-type=\"widget\" data-widget_type=\"heading.default\">\n\t\t\t\t<div class=\"elementor-widget-container\">\n\t\t\t\t\t<h2 class=\"elementor-heading-title elementor-size-default\">ENERGIA CONSCIENTE<\/h2>\t\t\t\t<\/div>\n\t\t\t\t<\/div>\n\t\t\t\t<\/div>\n\t\t\t\t<div class=\"elementor-element elementor-element-71780d7f elementor-widget elementor-widget-heading\" data-id=\"71780d7f\" data-element_type=\"widget\" data-e-type=\"widget\" data-widget_type=\"heading.default\">\n\t\t\t\t<div class=\"elementor-widget-container\">\n\t\t\t\t\t<h2 class=\"elementor-heading-title elementor-size-default\">Aproveitamos luz natural em 70% dos ambientes durante o dia e utilizamos 100% de l\u00e2mpadas LED.<\/h2>\t\t\t\t<\/div>\n\t\t\t\t<\/div>\n\t\t\t\t<\/div>\n\t\t<div class=\"elementor-element elementor-element-73e19dfe e-con-full e-flex e-con e-child\" data-id=\"73e19dfe\" data-element_type=\"container\" data-e-type=\"container\">\n\t\t<div class=\"elementor-element elementor-element-1792fbb3 e-con-full e-flex e-con e-child\" data-id=\"1792fbb3\" data-element_type=\"container\" data-e-type=\"container\">\n\t\t\t\t<div class=\"elementor-element elementor-element-2eaa1adf elementor-widget elementor-widget-image\" data-id=\"2eaa1adf\" data-element_type=\"widget\" data-e-type=\"widget\" data-widget_type=\"image.default\">\n\t\t\t\t<div class=\"elementor-widget-container\">\n\t\t\t\t\t\t\t\t\t\t\t\t\t\t\t<img decoding=\"async\" width=\"344\" height=\"437\" src=\"https:\/\/westinportodegalinhas.com.br\/wp-content\/uploads\/2025\/09\/agua-1.png\" class=\"elementor-animation-float attachment-large size-large wp-image-1667\" alt=\"\" srcset=\"https:\/\/westinportodegalinhas.com.br\/wp-content\/uploads\/2025\/09\/agua-1.png 344w, https:\/\/westinportodegalinhas.com.br\/wp-content\/uploads\/2025\/09\/agua-1-236x300.png 236w, https:\/\/westinportodegalinhas.com.br\/wp-content\/uploads\/2025\/09\/agua-1-9x12.png 9w\" sizes=\"(max-width: 344px) 100vw, 344px\" \/>\t\t\t\t\t\t\t\t\t\t\t\t\t\t\t<\/div>\n\t\t\t\t<\/div>\n\t\t\t\t<div class=\"elementor-element elementor-element-726420ba elementor-widget elementor-widget-heading\" data-id=\"726420ba\" data-element_type=\"widget\" data-e-type=\"widget\" data-widget_type=\"heading.default\">\n\t\t\t\t<div class=\"elementor-widget-container\">\n\t\t\t\t\t<h2 class=\"elementor-heading-title elementor-size-default\">\u00c1GUA COM TECNOLOGIA LIMPA<\/h2>\t\t\t\t<\/div>\n\t\t\t\t<\/div>\n\t\t\t\t<\/div>\n\t\t\t\t<div class=\"elementor-element elementor-element-3921e3ad elementor-widget elementor-widget-heading\" data-id=\"3921e3ad\" data-element_type=\"widget\" data-e-type=\"widget\" data-widget_type=\"heading.default\">\n\t\t\t\t<div class=\"elementor-widget-container\">\n\t\t\t\t\t<h2 class=\"elementor-heading-title elementor-size-default\">Piscina tratada com sal marinho e luz UV, lago de carpas purificado com gerador de oz\u00f4nio \u2014 menos qu\u00edmica, mais sa\u00fade.<\/h2>\t\t\t\t<\/div>\n\t\t\t\t<\/div>\n\t\t\t\t<\/div>\n\t\t\t\t<\/div>\n\t\t<div class=\"elementor-element elementor-element-3615bad e-con-full e-flex e-con e-child\" data-id=\"3615bad\" data-element_type=\"container\" data-e-type=\"container\">\n\t\t<div class=\"elementor-element elementor-element-5935393 e-con-full e-flex e-con e-child\" data-id=\"5935393\" data-element_type=\"container\" data-e-type=\"container\">\n\t\t<div class=\"elementor-element elementor-element-3ac9d6a e-con-full e-flex e-con e-child\" data-id=\"3ac9d6a\" data-element_type=\"container\" data-e-type=\"container\">\n\t\t\t\t<div class=\"elementor-element elementor-element-39c1e0b elementor-widget elementor-widget-image\" data-id=\"39c1e0b\" data-element_type=\"widget\" data-e-type=\"widget\" data-widget_type=\"image.default\">\n\t\t\t\t<div class=\"elementor-widget-container\">\n\t\t\t\t\t\t\t\t\t\t\t\t\t\t\t<img loading=\"lazy\" decoding=\"async\" width=\"344\" height=\"437\" src=\"https:\/\/westinportodegalinhas.com.br\/wp-content\/uploads\/2025\/09\/arquitetura-2.png\" class=\"elementor-animation-float attachment-large size-large wp-image-1683\" alt=\"\" srcset=\"https:\/\/westinportodegalinhas.com.br\/wp-content\/uploads\/2025\/09\/arquitetura-2.png 344w, https:\/\/westinportodegalinhas.com.br\/wp-content\/uploads\/2025\/09\/arquitetura-2-236x300.png 236w, https:\/\/westinportodegalinhas.com.br\/wp-content\/uploads\/2025\/09\/arquitetura-2-9x12.png 9w\" sizes=\"(max-width: 344px) 100vw, 344px\" \/>\t\t\t\t\t\t\t\t\t\t\t\t\t\t\t<\/div>\n\t\t\t\t<\/div>\n\t\t\t\t<div class=\"elementor-element elementor-element-719272e elementor-widget elementor-widget-heading\" data-id=\"719272e\" data-element_type=\"widget\" data-e-type=\"widget\" data-widget_type=\"heading.default\">\n\t\t\t\t<div class=\"elementor-widget-container\">\n\t\t\t\t\t<h2 class=\"elementor-heading-title elementor-size-default\">ARQUITETURA SUSTENT\u00c1VEL<\/h2>\t\t\t\t<\/div>\n\t\t\t\t<\/div>\n\t\t\t\t<\/div>\n\t\t\t\t<div class=\"elementor-element elementor-element-1b889aa elementor-widget elementor-widget-heading\" data-id=\"1b889aa\" data-element_type=\"widget\" data-e-type=\"widget\" data-widget_type=\"heading.default\">\n\t\t\t\t<div class=\"elementor-widget-container\">\n\t\t\t\t\t<h2 class=\"elementor-heading-title elementor-size-default\">Pisos t\u00e9rmicos que reduzem ilhas de calor e garantem maior conforto t\u00e9rmico.<\/h2>\t\t\t\t<\/div>\n\t\t\t\t<\/div>\n\t\t\t\t<\/div>\n\t\t<div class=\"elementor-element elementor-element-9cf4f5e e-con-full e-flex e-con e-child\" data-id=\"9cf4f5e\" data-element_type=\"container\" data-e-type=\"container\">\n\t\t<div class=\"elementor-element elementor-element-ebe042d e-con-full e-flex e-con e-child\" data-id=\"ebe042d\" data-element_type=\"container\" data-e-type=\"container\">\n\t\t\t\t<div class=\"elementor-element elementor-element-c4a4636 elementor-widget elementor-widget-image\" data-id=\"c4a4636\" data-element_type=\"widget\" data-e-type=\"widget\" data-widget_type=\"image.default\">\n\t\t\t\t<div class=\"elementor-widget-container\">\n\t\t\t\t\t\t\t\t\t\t\t\t\t\t\t<img loading=\"lazy\" decoding=\"async\" width=\"344\" height=\"437\" src=\"https:\/\/westinportodegalinhas.com.br\/wp-content\/uploads\/2025\/09\/Natureza-1.png\" class=\"elementor-animation-float attachment-large size-large wp-image-1682\" alt=\"\" srcset=\"https:\/\/westinportodegalinhas.com.br\/wp-content\/uploads\/2025\/09\/Natureza-1.png 344w, https:\/\/westinportodegalinhas.com.br\/wp-content\/uploads\/2025\/09\/Natureza-1-236x300.png 236w, https:\/\/westinportodegalinhas.com.br\/wp-content\/uploads\/2025\/09\/Natureza-1-9x12.png 9w\" sizes=\"(max-width: 344px) 100vw, 344px\" \/>\t\t\t\t\t\t\t\t\t\t\t\t\t\t\t<\/div>\n\t\t\t\t<\/div>\n\t\t\t\t<div class=\"elementor-element elementor-element-564770f elementor-widget elementor-widget-heading\" data-id=\"564770f\" data-element_type=\"widget\" data-e-type=\"widget\" data-widget_type=\"heading.default\">\n\t\t\t\t<div class=\"elementor-widget-container\">\n\t\t\t\t\t<h2 class=\"elementor-heading-title elementor-size-default\">NATUREZA PRESERVADA<\/h2>\t\t\t\t<\/div>\n\t\t\t\t<\/div>\n\t\t\t\t<\/div>\n\t\t\t\t<div class=\"elementor-element elementor-element-503b618 elementor-widget elementor-widget-heading\" data-id=\"503b618\" data-element_type=\"widget\" data-e-type=\"widget\" data-widget_type=\"heading.default\">\n\t\t\t\t<div class=\"elementor-widget-container\">\n\t\t\t\t\t<h2 class=\"elementor-heading-title elementor-size-default\">Reflorestamento da restinga e prote\u00e7\u00e3o da flora e fauna locais.<\/h2>\t\t\t\t<\/div>\n\t\t\t\t<\/div>\n\t\t\t\t<\/div>\n\t\t<div class=\"elementor-element elementor-element-531d14a e-con-full e-flex e-con e-child\" data-id=\"531d14a\" data-element_type=\"container\" data-e-type=\"container\">\n\t\t<div class=\"elementor-element elementor-element-cdecc19 e-con-full e-flex e-con e-child\" data-id=\"cdecc19\" data-element_type=\"container\" data-e-type=\"container\">\n\t\t\t\t<div class=\"elementor-element elementor-element-c441eeb elementor-widget elementor-widget-image\" data-id=\"c441eeb\" data-element_type=\"widget\" data-e-type=\"widget\" data-widget_type=\"image.default\">\n\t\t\t\t<div class=\"elementor-widget-container\">\n\t\t\t\t\t\t\t\t\t\t\t\t\t\t\t<img loading=\"lazy\" decoding=\"async\" width=\"344\" height=\"437\" src=\"https:\/\/westinportodegalinhas.com.br\/wp-content\/uploads\/2025\/09\/energia-renov-2.png\" class=\"elementor-animation-float attachment-large size-large wp-image-1670\" alt=\"\" srcset=\"https:\/\/westinportodegalinhas.com.br\/wp-content\/uploads\/2025\/09\/energia-renov-2.png 344w, https:\/\/westinportodegalinhas.com.br\/wp-content\/uploads\/2025\/09\/energia-renov-2-236x300.png 236w, https:\/\/westinportodegalinhas.com.br\/wp-content\/uploads\/2025\/09\/energia-renov-2-9x12.png 9w\" sizes=\"(max-width: 344px) 100vw, 344px\" \/>\t\t\t\t\t\t\t\t\t\t\t\t\t\t\t<\/div>\n\t\t\t\t<\/div>\n\t\t\t\t<div class=\"elementor-element elementor-element-c98040a elementor-widget elementor-widget-heading\" data-id=\"c98040a\" data-element_type=\"widget\" data-e-type=\"widget\" data-widget_type=\"heading.default\">\n\t\t\t\t<div class=\"elementor-widget-container\">\n\t\t\t\t\t<h2 class=\"elementor-heading-title elementor-size-default\">ENERGIA RENOV\u00c1VEL<\/h2>\t\t\t\t<\/div>\n\t\t\t\t<\/div>\n\t\t\t\t<\/div>\n\t\t\t\t<div class=\"elementor-element elementor-element-3735745 elementor-widget elementor-widget-heading\" data-id=\"3735745\" data-element_type=\"widget\" data-e-type=\"widget\" data-widget_type=\"heading.default\">\n\t\t\t\t<div class=\"elementor-widget-container\">\n\t\t\t\t\t<h2 class=\"elementor-heading-title elementor-size-default\">Toda nossa energia vem de fontes renov\u00e1veis, atrav\u00e9s do Mercado Livre de energia.<\/h2>\t\t\t\t<\/div>\n\t\t\t\t<\/div>\n\t\t\t\t<\/div>\n\t\t\t\t<\/div>\n\t\t\t\t\t<\/div>\n\t\t\t\t<\/div>\n\t\t<div class=\"elementor-element elementor-element-7e11030b e-flex e-con-boxed e-con e-parent\" data-id=\"7e11030b\" data-element_type=\"container\" data-e-type=\"container\" data-settings=\"{&quot;background_background&quot;:&quot;classic&quot;}\">\n\t\t\t\t\t<div class=\"e-con-inner\">\n\t\t\t\t<div class=\"elementor-element elementor-element-6153f5c3 elementor-widget elementor-widget-heading\" data-id=\"6153f5c3\" data-element_type=\"widget\" data-e-type=\"widget\" data-widget_type=\"heading.default\">\n\t\t\t\t<div class=\"elementor-widget-container\">\n\t\t\t\t\t<h2 class=\"elementor-heading-title elementor-size-default\">Impacto Social<\/h2>\t\t\t\t<\/div>\n\t\t\t\t<\/div>\n\t\t\t\t<div class=\"elementor-element elementor-element-5fefff3d elementor-widget elementor-widget-heading\" data-id=\"5fefff3d\" data-element_type=\"widget\" data-e-type=\"widget\" data-widget_type=\"heading.default\">\n\t\t\t\t<div class=\"elementor-widget-container\">\n\t\t\t\t\t<h2 class=\"elementor-heading-title elementor-size-default\">Para n\u00f3s, sustentabilidade tamb\u00e9m \u00e9 sobre pessoas.<\/h2>\t\t\t\t<\/div>\n\t\t\t\t<\/div>\n\t\t<div class=\"elementor-element elementor-element-4e01e6ca e-con-full e-flex e-con e-child\" data-id=\"4e01e6ca\" data-element_type=\"container\" data-e-type=\"container\">\n\t\t<div class=\"elementor-element elementor-element-7dade562 e-con-full e-flex e-con e-child\" data-id=\"7dade562\" data-element_type=\"container\" data-e-type=\"container\" data-settings=\"{&quot;background_background&quot;:&quot;classic&quot;}\">\n\t\t\t\t<div class=\"elementor-element elementor-element-594c3b4d elementor-widget elementor-widget-heading\" data-id=\"594c3b4d\" data-element_type=\"widget\" data-e-type=\"widget\" data-widget_type=\"heading.default\">\n\t\t\t\t<div class=\"elementor-widget-container\">\n\t\t\t\t\t<h2 class=\"elementor-heading-title elementor-size-default\">Valoriza\u00e7\u00e3o local<\/h2>\t\t\t\t<\/div>\n\t\t\t\t<\/div>\n\t\t\t\t<div class=\"elementor-element elementor-element-7ee5a944 elementor-widget elementor-widget-heading\" data-id=\"7ee5a944\" data-element_type=\"widget\" data-e-type=\"widget\" data-widget_type=\"heading.default\">\n\t\t\t\t<div class=\"elementor-widget-container\">\n\t\t\t\t\t<h2 class=\"elementor-heading-title elementor-size-default\">Frutas, sucos e hortifr\u00fatis v\u00eam de produtores da regi\u00e3o, garantindo frescor, fortalecendo a economia e reduzindo a pegada de carbono.<\/h2>\t\t\t\t<\/div>\n\t\t\t\t<\/div>\n\t\t\t\t<\/div>\n\t\t<div class=\"elementor-element elementor-element-2a7e1ccf e-con-full e-flex e-con e-child\" data-id=\"2a7e1ccf\" data-element_type=\"container\" data-e-type=\"container\" data-settings=\"{&quot;background_background&quot;:&quot;classic&quot;}\">\n\t\t\t\t<div class=\"elementor-element elementor-element-2f4c950b elementor-widget elementor-widget-heading\" data-id=\"2f4c950b\" data-element_type=\"widget\" data-e-type=\"widget\" data-widget_type=\"heading.default\">\n\t\t\t\t<div class=\"elementor-widget-container\">\n\t\t\t\t\t<h2 class=\"elementor-heading-title elementor-size-default\">TakeCare \u2013 Cuidado com Quem Faz Acontecer<\/h2>\t\t\t\t<\/div>\n\t\t\t\t<\/div>\n\t\t\t\t<div class=\"elementor-element elementor-element-3a00be45 elementor-widget elementor-widget-heading\" data-id=\"3a00be45\" data-element_type=\"widget\" data-e-type=\"widget\" data-widget_type=\"heading.default\">\n\t\t\t\t<div class=\"elementor-widget-container\">\n\t\t\t\t\t<h2 class=\"elementor-heading-title elementor-size-default\">Promovemos a\u00e7\u00f5es de bem-estar e pertencimento que fortalecem nossa equipe, gerando impacto positivo dentro e fora da empresa.<\/h2>\t\t\t\t<\/div>\n\t\t\t\t<\/div>\n\t\t\t\t<\/div>\n\t\t<div class=\"elementor-element elementor-element-42078694 e-con-full e-flex e-con e-child\" data-id=\"42078694\" data-element_type=\"container\" data-e-type=\"container\" data-settings=\"{&quot;background_background&quot;:&quot;classic&quot;}\">\n\t\t\t\t<div class=\"elementor-element elementor-element-f9c6476 elementor-widget elementor-widget-heading\" data-id=\"f9c6476\" data-element_type=\"widget\" data-e-type=\"widget\" data-widget_type=\"heading.default\">\n\t\t\t\t<div class=\"elementor-widget-container\">\n\t\t\t\t\t<h2 class=\"elementor-heading-title elementor-size-default\">Mobilidade sustent\u00e1vel<\/h2>\t\t\t\t<\/div>\n\t\t\t\t<\/div>\n\t\t\t\t<div class=\"elementor-element elementor-element-8deb18d elementor-widget elementor-widget-heading\" data-id=\"8deb18d\" data-element_type=\"widget\" data-e-type=\"widget\" data-widget_type=\"heading.default\">\n\t\t\t\t<div class=\"elementor-widget-container\">\n\t\t\t\t\t<h2 class=\"elementor-heading-title elementor-size-default\">Incentivamos nossos colaboradores a usarem bicicletas, reduzindo emiss\u00f5es de CO\u2082.<\/h2>\t\t\t\t<\/div>\n\t\t\t\t<\/div>\n\t\t\t\t<\/div>\n\t\t\t\t<\/div>\n\t\t<div class=\"elementor-element elementor-element-cb6d061 e-con-full e-flex e-con e-child\" data-id=\"cb6d061\" data-element_type=\"container\" data-e-type=\"container\">\n\t\t<div class=\"elementor-element elementor-element-d3fc3a8 e-con-full e-flex e-con e-child\" data-id=\"d3fc3a8\" data-element_type=\"container\" data-e-type=\"container\" data-settings=\"{&quot;background_background&quot;:&quot;classic&quot;}\">\n\t\t\t\t<div class=\"elementor-element elementor-element-27a1834 elementor-widget elementor-widget-heading\" data-id=\"27a1834\" data-element_type=\"widget\" data-e-type=\"widget\" data-widget_type=\"heading.default\">\n\t\t\t\t<div class=\"elementor-widget-container\">\n\t\t\t\t\t<h2 class=\"elementor-heading-title elementor-size-default\">Programas Service 360<\/h2>\t\t\t\t<\/div>\n\t\t\t\t<\/div>\n\t\t\t\t<div class=\"elementor-element elementor-element-e5389e2 elementor-widget elementor-widget-heading\" data-id=\"e5389e2\" data-element_type=\"widget\" data-e-type=\"widget\" data-widget_type=\"heading.default\">\n\t\t\t\t<div class=\"elementor-widget-container\">\n\t\t\t\t\t<h2 class=\"elementor-heading-title elementor-size-default\">O The Westin Porto de Galinhas integra a rede Marriott International, comprometida com o programa SERVE 360 \u2013 Doing Good in Every Direction, que se alinha \u00e0s metas globais de sustentabilidade e governan\u00e7a, em sintonia com os Objetivos de Desenvolvimento Sustent\u00e1vel (ODS\/ONU).<br><br><u>O SERVE 360 organiza suas a\u00e7\u00f5es em quatro pilares:<\/u>\n<\/h2>\t\t\t\t<\/div>\n\t\t\t\t<\/div>\n\t\t\t\t<div class=\"elementor-element elementor-element-4db51b3 elementor-icon-list--layout-traditional elementor-list-item-link-full_width elementor-widget elementor-widget-icon-list\" data-id=\"4db51b3\" data-element_type=\"widget\" data-e-type=\"widget\" data-widget_type=\"icon-list.default\">\n\t\t\t\t<div class=\"elementor-widget-container\">\n\t\t\t\t\t\t\t<ul class=\"elementor-icon-list-items\">\n\t\t\t\t\t\t\t<li class=\"elementor-icon-list-item\">\n\t\t\t\t\t\t\t\t\t\t\t<span class=\"elementor-icon-list-icon\">\n\t\t\t\t\t\t\t<i aria-hidden=\"true\" class=\"fas fa-chevron-circle-right\"><\/i>\t\t\t\t\t\t<\/span>\n\t\t\t\t\t\t\t\t\t\t<span class=\"elementor-icon-list-text\">Nurture Our World \u2013 Apoio \u00e0s comunidades locais.<\/span>\n\t\t\t\t\t\t\t\t\t<\/li>\n\t\t\t\t\t\t\t\t<li class=\"elementor-icon-list-item\">\n\t\t\t\t\t\t\t\t\t\t\t<span class=\"elementor-icon-list-icon\">\n\t\t\t\t\t\t\t<i aria-hidden=\"true\" class=\"fas fa-chevron-circle-right\"><\/i>\t\t\t\t\t\t<\/span>\n\t\t\t\t\t\t\t\t\t\t<span class=\"elementor-icon-list-text\">Sustain Responsible Operations \u2013 Opera\u00e7\u00f5es respons\u00e1veis e sustent\u00e1veis.<\/span>\n\t\t\t\t\t\t\t\t\t<\/li>\n\t\t\t\t\t\t\t\t<li class=\"elementor-icon-list-item\">\n\t\t\t\t\t\t\t\t\t\t\t<span class=\"elementor-icon-list-icon\">\n\t\t\t\t\t\t\t<i aria-hidden=\"true\" class=\"fas fa-chevron-circle-right\"><\/i>\t\t\t\t\t\t<\/span>\n\t\t\t\t\t\t\t\t\t\t<span class=\"elementor-icon-list-text\">Empower Through Opportunity \u2013 Diversidade, inclus\u00e3o e lideran\u00e7a.<\/span>\n\t\t\t\t\t\t\t\t\t<\/li>\n\t\t\t\t\t\t\t\t<li class=\"elementor-icon-list-item\">\n\t\t\t\t\t\t\t\t\t\t\t<span class=\"elementor-icon-list-icon\">\n\t\t\t\t\t\t\t<i aria-hidden=\"true\" class=\"fas fa-chevron-circle-right\"><\/i>\t\t\t\t\t\t<\/span>\n\t\t\t\t\t\t\t\t\t\t<span class=\"elementor-icon-list-text\">Welcome All &amp; Advance Human Rights \u2013 Respeito e direitos humanos.<\/span>\n\t\t\t\t\t\t\t\t\t<\/li>\n\t\t\t\t\t\t<\/ul>\n\t\t\t\t\t\t<\/div>\n\t\t\t\t<\/div>\n\t\t\t\t<\/div>\n\t\t\t\t<\/div>\n\t\t\t\t<div class=\"elementor-element elementor-element-4a6a66d elementor-widget-divider--view-line elementor-widget elementor-widget-divider\" data-id=\"4a6a66d\" data-element_type=\"widget\" data-e-type=\"widget\" data-widget_type=\"divider.default\">\n\t\t\t\t<div class=\"elementor-widget-container\">\n\t\t\t\t\t\t\t<div class=\"elementor-divider\">\n\t\t\t<span class=\"elementor-divider-separator\">\n\t\t\t\t\t\t<\/span>\n\t\t<\/div>\n\t\t\t\t\t\t<\/div>\n\t\t\t\t<\/div>\n\t\t\t\t<div class=\"elementor-element elementor-element-11de0bf elementor-widget elementor-widget-heading\" data-id=\"11de0bf\" data-element_type=\"widget\" data-e-type=\"widget\" data-widget_type=\"heading.default\">\n\t\t\t\t<div class=\"elementor-widget-container\">\n\t\t\t\t\t<h2 class=\"elementor-heading-title elementor-size-default\">Governan\u00e7a &amp; Compromisso Global<\/h2>\t\t\t\t<\/div>\n\t\t\t\t<\/div>\n\t\t\t\t<div class=\"elementor-element elementor-element-219cac7 elementor-widget elementor-widget-heading\" data-id=\"219cac7\" data-element_type=\"widget\" data-e-type=\"widget\" data-widget_type=\"heading.default\">\n\t\t\t\t<div class=\"elementor-widget-container\">\n\t\t\t\t\t<h2 class=\"elementor-heading-title elementor-size-default\">O The Westin Porto de Galinhas \u00e9 membro do GBC Brasil (Green Building Council), maior organiza\u00e7\u00e3o de constru\u00e7\u00e3o sustent\u00e1vel do pa\u00eds.<br><br> <b><u>Al\u00e9m disso:<\/u><\/b><\/h2>\t\t\t\t<\/div>\n\t\t\t\t<\/div>\n\t\t\t\t<div class=\"elementor-element elementor-element-392e03e elementor-icon-list--layout-traditional elementor-list-item-link-full_width elementor-widget elementor-widget-icon-list\" data-id=\"392e03e\" data-element_type=\"widget\" data-e-type=\"widget\" data-widget_type=\"icon-list.default\">\n\t\t\t\t<div class=\"elementor-widget-container\">\n\t\t\t\t\t\t\t<ul class=\"elementor-icon-list-items\">\n\t\t\t\t\t\t\t<li class=\"elementor-icon-list-item\">\n\t\t\t\t\t\t\t\t\t\t\t<span class=\"elementor-icon-list-icon\">\n\t\t\t\t\t\t\t<i aria-hidden=\"true\" class=\"fas fa-chevron-circle-right\"><\/i>\t\t\t\t\t\t<\/span>\n\t\t\t\t\t\t\t\t\t\t<span class=\"elementor-icon-list-text\">Trabalhamos com <b>fornecedores respons\u00e1veis<\/b>, comprometidos com pr\u00e1ticas que respeitam o meio ambiente.<\/span>\n\t\t\t\t\t\t\t\t\t<\/li>\n\t\t\t\t\t\t\t\t<li class=\"elementor-icon-list-item\">\n\t\t\t\t\t\t\t\t\t\t\t<span class=\"elementor-icon-list-icon\">\n\t\t\t\t\t\t\t<i aria-hidden=\"true\" class=\"fas fa-chevron-circle-right\"><\/i>\t\t\t\t\t\t<\/span>\n\t\t\t\t\t\t\t\t\t\t<span class=\"elementor-icon-list-text\">Inovamos em solu\u00e7\u00f5es que reduzem impactos: um exemplo \u00e9 nosso carrinho de espumantes, que economiza cerca de <b>1.200 kg de vidro todos os meses<\/b>.<\/span>\n\t\t\t\t\t\t\t\t\t<\/li>\n\t\t\t\t\t\t<\/ul>\n\t\t\t\t\t\t<\/div>\n\t\t\t\t<\/div>\n\t\t\t\t\t<\/div>\n\t\t\t\t<\/div>\n\t\t<div class=\"elementor-element elementor-element-bdf7e29 e-flex e-con-boxed e-con e-parent\" data-id=\"bdf7e29\" data-element_type=\"container\" data-e-type=\"container\">\n\t\t\t\t\t<div class=\"e-con-inner\">\n\t\t<div class=\"elementor-element elementor-element-d9a5b54 e-con-full e-flex e-con e-child\" data-id=\"d9a5b54\" data-element_type=\"container\" data-e-type=\"container\">\n\t\t<div class=\"elementor-element elementor-element-906f2fa e-con-full e-flex e-con e-child\" data-id=\"906f2fa\" data-element_type=\"container\" data-e-type=\"container\">\n\t\t\t\t<div class=\"elementor-element elementor-element-4713b6c elementor-widget elementor-widget-heading\" data-id=\"4713b6c\" data-element_type=\"widget\" data-e-type=\"widget\" data-widget_type=\"heading.default\">\n\t\t\t\t<div class=\"elementor-widget-container\">\n\t\t\t\t\t<h2 class=\"elementor-heading-title elementor-size-default\">Nossa Vis\u00e3o<\/h2>\t\t\t\t<\/div>\n\t\t\t\t<\/div>\n\t\t\t\t<div class=\"elementor-element elementor-element-44e65b8 elementor-widget elementor-widget-heading\" data-id=\"44e65b8\" data-element_type=\"widget\" data-e-type=\"widget\" data-widget_type=\"heading.default\">\n\t\t\t\t<div class=\"elementor-widget-container\">\n\t\t\t\t\t<h2 class=\"elementor-heading-title elementor-size-default\">Queremos ser refer\u00eancia em hospitalidade sustent\u00e1vel na Am\u00e9rica Latina, <b>mostrando que \u00e9 poss\u00edvel unir:<\/b><\/h2>\t\t\t\t<\/div>\n\t\t\t\t<\/div>\n\t\t\t\t<div class=\"elementor-element elementor-element-7a6b436 elementor-widget elementor-widget-text-editor\" data-id=\"7a6b436\" data-element_type=\"widget\" data-e-type=\"widget\" data-widget_type=\"text-editor.default\">\n\t\t\t\t<div class=\"elementor-widget-container\">\n\t\t\t\t\t\t\t\t\t<ul class=\"ql-rendered-list-container\" data-is-root=\"true\"><li class=\"ql-rendered-bullet-list\" data-block-id=\"block-5f846c03-ea5c-4c99-8c89-6c7f6a5ff9b8\"><p><strong>Luxo e conforto<\/strong> com<\/p><\/li><li class=\"ql-rendered-bullet-list\" data-block-id=\"block-695b3672-6ab1-4398-9a9c-8b4091b8d5b6\"><p><strong>Cuidado ambiental<\/strong>,<\/p><\/li><li class=\"ql-rendered-bullet-list\" data-block-id=\"block-34d1458d-2cb4-4fc9-9970-11194a431467\"><p><strong>Impacto social positivo<\/strong> e<\/p><\/li><li class=\"ql-rendered-bullet-list\" data-block-id=\"block-26da184e-b2e1-49ce-99fd-9b4c760b4cac\"><p><strong>Gest\u00e3o respons\u00e1vel<\/strong>.<\/p><\/li><\/ul>\t\t\t\t\t\t\t\t<\/div>\n\t\t\t\t<\/div>\n\t\t<div class=\"elementor-element elementor-element-bbbddfc e-con-full e-flex e-con e-child\" data-id=\"bbbddfc\" data-element_type=\"container\" data-e-type=\"container\" data-settings=\"{&quot;background_background&quot;:&quot;classic&quot;}\">\n\t\t\t\t<div class=\"elementor-element elementor-element-5ce8f01 elementor-widget elementor-widget-heading\" data-id=\"5ce8f01\" data-element_type=\"widget\" data-e-type=\"widget\" data-widget_type=\"heading.default\">\n\t\t\t\t<div class=\"elementor-widget-container\">\n\t\t\t\t\t<h2 class=\"elementor-heading-title elementor-size-default\">The Westin Porto de Galinhas. Viver bem hoje, para garantir um amanh\u00e3 melhor.<\/h2>\t\t\t\t<\/div>\n\t\t\t\t<\/div>\n\t\t\t\t<\/div>\n\t\t\t\t<\/div>\n\t\t<div class=\"elementor-element elementor-element-7623ff0 e-con-full e-flex e-con e-child\" data-id=\"7623ff0\" data-element_type=\"container\" data-e-type=\"container\">\n\t\t\t\t<div class=\"elementor-element elementor-element-f6865c3 elementor-widget elementor-widget-image\" data-id=\"f6865c3\" data-element_type=\"widget\" data-e-type=\"widget\" data-widget_type=\"image.default\">\n\t\t\t\t<div class=\"elementor-widget-container\">\n\t\t\t\t\t\t\t\t\t\t\t\t\t\t\t<img loading=\"lazy\" decoding=\"async\" width=\"800\" height=\"666\" src=\"https:\/\/westinportodegalinhas.com.br\/wp-content\/uploads\/2025\/09\/Visao-1-1024x853.png\" class=\"attachment-large size-large wp-image-1674\" alt=\"\" srcset=\"https:\/\/westinportodegalinhas.com.br\/wp-content\/uploads\/2025\/09\/Visao-1-1024x853.png 1024w, https:\/\/westinportodegalinhas.com.br\/wp-content\/uploads\/2025\/09\/Visao-1-300x250.png 300w, https:\/\/westinportodegalinhas.com.br\/wp-content\/uploads\/2025\/09\/Visao-1-768x640.png 768w, https:\/\/westinportodegalinhas.com.br\/wp-content\/uploads\/2025\/09\/Visao-1-14x12.png 14w, https:\/\/westinportodegalinhas.com.br\/wp-content\/uploads\/2025\/09\/Visao-1.png 1093w\" sizes=\"(max-width: 800px) 100vw, 800px\" \/>\t\t\t\t\t\t\t\t\t\t\t\t\t\t\t<\/div>\n\t\t\t\t<\/div>\n\t\t\t\t<\/div>\n\t\t\t\t<\/div>\n\t\t\t\t\t<\/div>\n\t\t\t\t<\/div>\n\t\t<div class=\"elementor-element elementor-element-7b3b4cb e-flex e-con-boxed e-con e-parent\" data-id=\"7b3b4cb\" data-element_type=\"container\" data-e-type=\"container\" data-settings=\"{&quot;background_background&quot;:&quot;classic&quot;}\">\n\t\t\t\t\t<div class=\"e-con-inner\">\n\t\t\t\t<div class=\"elementor-element elementor-element-7064816 elementor-widget elementor-widget-heading\" data-id=\"7064816\" data-element_type=\"widget\" data-e-type=\"widget\" data-widget_type=\"heading.default\">\n\t\t\t\t<div class=\"elementor-widget-container\">\n\t\t\t\t\t<h2 class=\"elementor-heading-title elementor-size-default\">Reconhecimento Socioambiental<\/h2>\t\t\t\t<\/div>\n\t\t\t\t<\/div>\n\t\t\t\t<div class=\"elementor-element elementor-element-f796e3f elementor-widget elementor-widget-heading\" data-id=\"f796e3f\" data-element_type=\"widget\" data-e-type=\"widget\" data-widget_type=\"heading.default\">\n\t\t\t\t<div class=\"elementor-widget-container\">\n\t\t\t\t\t<h2 class=\"elementor-heading-title elementor-size-default\">O hotel recebeu o <b>Selo Verde de Responsabilidade Socioambiental<\/b> do Instituto Chico Mendes, um reconhecimento nacional pelas nossas boas pr\u00e1ticas em prol da sociedade e do meio ambiente.<\/h2>\t\t\t\t<\/div>\n\t\t\t\t<\/div>\n\t\t\t\t<div class=\"elementor-element elementor-element-d12558a elementor-widget elementor-widget-heading\" data-id=\"d12558a\" data-element_type=\"widget\" data-e-type=\"widget\" data-widget_type=\"heading.default\">\n\t\t\t\t<div class=\"elementor-widget-container\">\n\t\t\t\t\t<h2 class=\"elementor-heading-title elementor-size-default\">Nossas A\u00e7\u00f5es:\n<\/h2>\t\t\t\t<\/div>\n\t\t\t\t<\/div>\n\t\t<div class=\"elementor-element elementor-element-cceecd1 e-con-full e-flex e-con e-child\" data-id=\"cceecd1\" data-element_type=\"container\" data-e-type=\"container\">\n\t\t<div class=\"elementor-element elementor-element-c9559b1 e-con-full e-flex e-con e-child\" data-id=\"c9559b1\" data-element_type=\"container\" data-e-type=\"container\" data-settings=\"{&quot;background_background&quot;:&quot;classic&quot;}\">\n\t\t\t\t<div class=\"elementor-element elementor-element-d43c8a8 elementor-widget elementor-widget-heading\" data-id=\"d43c8a8\" data-element_type=\"widget\" data-e-type=\"widget\" data-widget_type=\"heading.default\">\n\t\t\t\t<div class=\"elementor-widget-container\">\n\t\t\t\t\t<h2 class=\"elementor-heading-title elementor-size-default\"><b>Apoio \u00e0 comunidade local:<\/b> projetos com escolas e fam\u00edlias em situa\u00e7\u00e3o de vulnerabilidade.<\/h2>\t\t\t\t<\/div>\n\t\t\t\t<\/div>\n\t\t\t\t<\/div>\n\t\t<div class=\"elementor-element elementor-element-866b987 e-con-full e-flex e-con e-child\" data-id=\"866b987\" data-element_type=\"container\" data-e-type=\"container\" data-settings=\"{&quot;background_background&quot;:&quot;classic&quot;}\">\n\t\t\t\t<div class=\"elementor-element elementor-element-1ae800d elementor-widget elementor-widget-heading\" data-id=\"1ae800d\" data-element_type=\"widget\" data-e-type=\"widget\" data-widget_type=\"heading.default\">\n\t\t\t\t<div class=\"elementor-widget-container\">\n\t\t\t\t\t<h2 class=\"elementor-heading-title elementor-size-default\"><b>Preserva\u00e7\u00e3o ambiental:<\/b> iniciativas cont\u00ednuas para proteger os recursos naturais.\n\n<\/h2>\t\t\t\t<\/div>\n\t\t\t\t<\/div>\n\t\t\t\t<\/div>\n\t\t<div class=\"elementor-element elementor-element-addf3a1 e-con-full e-flex e-con e-child\" data-id=\"addf3a1\" data-element_type=\"container\" data-e-type=\"container\" data-settings=\"{&quot;background_background&quot;:&quot;classic&quot;}\">\n\t\t\t\t<div class=\"elementor-element elementor-element-b8e8915 elementor-widget elementor-widget-heading\" data-id=\"b8e8915\" data-element_type=\"widget\" data-e-type=\"widget\" data-widget_type=\"heading.default\">\n\t\t\t\t<div class=\"elementor-widget-container\">\n\t\t\t\t\t<h2 class=\"elementor-heading-title elementor-size-default\"><b>Gest\u00e3o de res\u00edduos:<\/b> tratamento adequado e respons\u00e1vel.<\/h2>\t\t\t\t<\/div>\n\t\t\t\t<\/div>\n\t\t\t\t<\/div>\n\t\t\t\t<\/div>\n\t\t\t\t<div class=\"elementor-element elementor-element-f4fccf0 elementor-widget elementor-widget-heading\" data-id=\"f4fccf0\" data-element_type=\"widget\" data-e-type=\"widget\" data-widget_type=\"heading.default\">\n\t\t\t\t<div class=\"elementor-widget-container\">\n\t\t\t\t\t<h2 class=\"elementor-heading-title elementor-size-default\">Esse selo refor\u00e7a nosso compromisso em gerar impacto positivo, promovendo desenvolvimento sustent\u00e1vel e cuidando das pessoas e do planeta.<\/h2>\t\t\t\t<\/div>\n\t\t\t\t<\/div>\n\t\t\t\t\t<\/div>\n\t\t\t\t<\/div>\n\t\t<div class=\"elementor-element elementor-element-5592304 e-flex e-con-boxed e-con e-parent\" data-id=\"5592304\" data-element_type=\"container\" data-e-type=\"container\">\n\t\t\t\t\t<div class=\"e-con-inner\">\n\t\t\t\t<div class=\"elementor-element elementor-element-68f0fe8 elementor-widget elementor-widget-heading\" data-id=\"68f0fe8\" data-element_type=\"widget\" data-e-type=\"widget\" data-widget_type=\"heading.default\">\n\t\t\t\t<div class=\"elementor-widget-container\">\n\t\t\t\t\t<h2 class=\"elementor-heading-title elementor-size-default\">Nossas premia\u00e7\u00f5es <\/h2>\t\t\t\t<\/div>\n\t\t\t\t<\/div>\n\t\t<div class=\"elementor-element elementor-element-ff7db3c e-con-full e-flex e-con e-child\" data-id=\"ff7db3c\" data-element_type=\"container\" data-e-type=\"container\">\n\t\t\t\t<div class=\"elementor-element elementor-element-a21b107 elementor-widget elementor-widget-image\" data-id=\"a21b107\" data-element_type=\"widget\" data-e-type=\"widget\" data-widget_type=\"image.default\">\n\t\t\t\t<div class=\"elementor-widget-container\">\n\t\t\t\t\t\t\t\t\t\t\t\t\t\t\t<img loading=\"lazy\" decoding=\"async\" width=\"650\" height=\"650\" src=\"https:\/\/westinportodegalinhas.com.br\/wp-content\/uploads\/2025\/10\/emblema-4.png\" class=\"attachment-large size-large wp-image-1863\" alt=\"\" srcset=\"https:\/\/westinportodegalinhas.com.br\/wp-content\/uploads\/2025\/10\/emblema-4.png 650w, https:\/\/westinportodegalinhas.com.br\/wp-content\/uploads\/2025\/10\/emblema-4-300x300.png 300w, https:\/\/westinportodegalinhas.com.br\/wp-content\/uploads\/2025\/10\/emblema-4-150x150.png 150w, https:\/\/westinportodegalinhas.com.br\/wp-content\/uploads\/2025\/10\/emblema-4-12x12.png 12w\" sizes=\"(max-width: 650px) 100vw, 650px\" \/>\t\t\t\t\t\t\t\t\t\t\t\t\t\t\t<\/div>\n\t\t\t\t<\/div>\n\t\t\t\t<div class=\"elementor-element elementor-element-f1c3474 elementor-widget elementor-widget-image\" data-id=\"f1c3474\" data-element_type=\"widget\" data-e-type=\"widget\" data-widget_type=\"image.default\">\n\t\t\t\t<div class=\"elementor-widget-container\">\n\t\t\t\t\t\t\t\t\t\t\t\t\t\t\t<img loading=\"lazy\" decoding=\"async\" width=\"650\" height=\"650\" src=\"https:\/\/westinportodegalinhas.com.br\/wp-content\/uploads\/2025\/10\/emblema-3.png\" class=\"attachment-large size-large wp-image-1864\" alt=\"\" srcset=\"https:\/\/westinportodegalinhas.com.br\/wp-content\/uploads\/2025\/10\/emblema-3.png 650w, https:\/\/westinportodegalinhas.com.br\/wp-content\/uploads\/2025\/10\/emblema-3-300x300.png 300w, https:\/\/westinportodegalinhas.com.br\/wp-content\/uploads\/2025\/10\/emblema-3-150x150.png 150w, https:\/\/westinportodegalinhas.com.br\/wp-content\/uploads\/2025\/10\/emblema-3-12x12.png 12w\" sizes=\"(max-width: 650px) 100vw, 650px\" \/>\t\t\t\t\t\t\t\t\t\t\t\t\t\t\t<\/div>\n\t\t\t\t<\/div>\n\t\t\t\t<div class=\"elementor-element elementor-element-f814e69 elementor-widget elementor-widget-image\" data-id=\"f814e69\" data-element_type=\"widget\" data-e-type=\"widget\" data-widget_type=\"image.default\">\n\t\t\t\t<div class=\"elementor-widget-container\">\n\t\t\t\t\t\t\t\t\t\t\t\t\t\t\t<img loading=\"lazy\" decoding=\"async\" width=\"650\" height=\"650\" src=\"https:\/\/westinportodegalinhas.com.br\/wp-content\/uploads\/2025\/10\/emblema-2.png\" class=\"attachment-large size-large wp-image-1865\" alt=\"\" srcset=\"https:\/\/westinportodegalinhas.com.br\/wp-content\/uploads\/2025\/10\/emblema-2.png 650w, https:\/\/westinportodegalinhas.com.br\/wp-content\/uploads\/2025\/10\/emblema-2-300x300.png 300w, https:\/\/westinportodegalinhas.com.br\/wp-content\/uploads\/2025\/10\/emblema-2-150x150.png 150w, https:\/\/westinportodegalinhas.com.br\/wp-content\/uploads\/2025\/10\/emblema-2-12x12.png 12w\" sizes=\"(max-width: 650px) 100vw, 650px\" \/>\t\t\t\t\t\t\t\t\t\t\t\t\t\t\t<\/div>\n\t\t\t\t<\/div>\n\t\t\t\t<div class=\"elementor-element elementor-element-d3f6295 elementor-widget elementor-widget-image\" data-id=\"d3f6295\" data-element_type=\"widget\" data-e-type=\"widget\" data-widget_type=\"image.default\">\n\t\t\t\t<div class=\"elementor-widget-container\">\n\t\t\t\t\t\t\t\t\t\t\t\t\t\t\t<img loading=\"lazy\" decoding=\"async\" width=\"650\" height=\"650\" src=\"https:\/\/westinportodegalinhas.com.br\/wp-content\/uploads\/2025\/10\/emblema-1.png\" class=\"attachment-large size-large wp-image-1866\" alt=\"\" srcset=\"https:\/\/westinportodegalinhas.com.br\/wp-content\/uploads\/2025\/10\/emblema-1.png 650w, https:\/\/westinportodegalinhas.com.br\/wp-content\/uploads\/2025\/10\/emblema-1-300x300.png 300w, https:\/\/westinportodegalinhas.com.br\/wp-content\/uploads\/2025\/10\/emblema-1-150x150.png 150w, https:\/\/westinportodegalinhas.com.br\/wp-content\/uploads\/2025\/10\/emblema-1-12x12.png 12w\" sizes=\"(max-width: 650px) 100vw, 650px\" \/>\t\t\t\t\t\t\t\t\t\t\t\t\t\t\t<\/div>\n\t\t\t\t<\/div>\n\t\t\t\t<\/div>\n\t\t\t\t\t<\/div>\n\t\t\t\t<\/div>\n\t\t\t\t<\/div>","protected":false},"excerpt":{"rendered":"<p>ESG no The Westin Porto de Galinhas Mais que hospitalidade. Um compromisso com o futuro. Se hospedar no The Westin Porto de Galinhas \u00e9 viver uma experi\u00eancia \u00fanica de bem-estar e, ao mesmo tempo, contribuir para um futuro mais sustent\u00e1vel. Aqui, ESG n\u00e3o \u00e9 discurso: \u00e9 pr\u00e1tica di\u00e1ria que conecta cuidado com as pessoas, responsabilidade [&hellip;]<\/p>","protected":false},"author":1,"featured_media":0,"parent":0,"menu_order":0,"comment_status":"closed","ping_status":"closed","template":"elementor_header_footer","meta":{"footnotes":""},"class_list":["post-1632","page","type-page","status-publish","hentry"],"_links":{"self":[{"href":"https:\/\/westinportodegalinhas.com.br\/es\/wp-json\/wp\/v2\/pages\/1632","targetHints":{"allow":["GET"]}}],"collection":[{"href":"https:\/\/westinportodegalinhas.com.br\/es\/wp-json\/wp\/v2\/pages"}],"about":[{"href":"https:\/\/westinportodegalinhas.com.br\/es\/wp-json\/wp\/v2\/types\/page"}],"author":[{"embeddable":true,"href":"https:\/\/westinportodegalinhas.com.br\/es\/wp-json\/wp\/v2\/users\/1"}],"replies":[{"embeddable":true,"href":"https:\/\/westinportodegalinhas.com.br\/es\/wp-json\/wp\/v2\/comments?post=1632"}],"version-history":[{"count":40,"href":"https:\/\/westinportodegalinhas.com.br\/es\/wp-json\/wp\/v2\/pages\/1632\/revisions"}],"predecessor-version":[{"id":1869,"href":"https:\/\/westinportodegalinhas.com.br\/es\/wp-json\/wp\/v2\/pages\/1632\/revisions\/1869"}],"wp:attachment":[{"href":"https:\/\/westinportodegalinhas.com.br\/es\/wp-json\/wp\/v2\/media?parent=1632"}],"curies":[{"name":"wp","href":"https:\/\/api.w.org\/{rel}","templated":true}]}}